{"id":234,"date":"2012-12-12T11:10:35","date_gmt":"2012-12-12T11:10:35","guid":{"rendered":"http:\/\/labex-mme-dii.u-cergy.fr\/?page_id=234"},"modified":"2025-11-25T14:48:05","modified_gmt":"2025-11-25T13:48:05","slug":"laboratoires","status":"publish","type":"page","link":"https:\/\/labex-mme-dii.u-cergy.fr\/?page_id=234","title":{"rendered":""},"content":{"rendered":"<h3 class=\"wp-block-heading has-text-align-left has-vivid-cyan-blue-color has-text-color has-link-color wp-elements-06d2691205f57eb9fd4ddee9e34da826\"><span data-contrast=\"auto\">Mod\u00e9liser pour \u00e9clairer la d\u00e9cision dans un monde complexe et incertain.<\/span>\u00a0<\/h3>\n\n\n\n<p><span data-contrast=\"auto\">Plac\u00e9e sous l\u2019\u00e9gide de&nbsp;CY Fondation, la&nbsp;Fondation des sciences de la mod\u00e9lisation (FSM)&nbsp;f\u00e9d\u00e8re des chercheurs de renomm\u00e9e internationale autour de la conception et de l\u2019usage de mod\u00e8les pour comprendre les grands enjeux contemporains : lib\u00e9ralisation des \u00e9changes, crises financi\u00e8res (subprimes, dettes souveraines), transformations num\u00e9riques, accumulation et exploitation des \u00ab big data \u00bb, intelligence artificielle, r\u00e9chauffement climatique ou pand\u00e9mies de type Covid-19.<\/span>&nbsp;<br><span data-contrast=\"auto\">Notre conviction : r\u00e9pondre \u00e0 ces d\u00e9fis exige des approches capables d\u2019embrasser&nbsp;la complexit\u00e9&nbsp;des syst\u00e8mes et&nbsp;l\u2019incertitude&nbsp;des dynamiques.&nbsp;<\/span><\/p>\n\n\n\n<p><b><span data-contrast=\"auto\">Nos objectifs principaux<\/span><\/b><span data-ccp-props=\"{&quot;134233117&quot;:true,&quot;134233118&quot;:true,&quot;201341983&quot;:0,&quot;335551550&quot;:6,&quot;335551620&quot;:6,&quot;335559740&quot;:240}\">&nbsp;<\/span><\/p>\n\n\n\n<ul>\n<li><span data-contrast=\"auto\">Faire rayonner l\u2019excellence acad\u00e9mique des \u00e9quipes au-del\u00e0 du monde universitaire autour du th\u00e8me :&nbsp;<\/span><i><span data-contrast=\"auto\">\u00ab La mod\u00e9lisation pour comprendre et r\u00e9pondre aux grands enjeux des soci\u00e9t\u00e9s contemporaines \u00bb<\/span><\/i><span data-contrast=\"auto\">.<\/span><span data-ccp-props=\"{&quot;134233117&quot;:true,&quot;134233118&quot;:true,&quot;201341983&quot;:0,&quot;335551550&quot;:6,&quot;335551620&quot;:6,&quot;335559740&quot;:240}\">&nbsp;<\/span><\/li>\n\n\n\n<li><span data-contrast=\"auto\">Activer les synergies entre disciplines de la mod\u00e9lisation pour accro\u00eetre la visibilit\u00e9 scientifique et l\u2019impact soci\u00e9tal.<\/span><span data-ccp-props=\"{&quot;134233117&quot;:true,&quot;134233118&quot;:true,&quot;201341983&quot;:0,&quot;335551550&quot;:6,&quot;335551620&quot;:6,&quot;335559740&quot;:240}\">&nbsp;<\/span><\/li>\n\n\n\n<li><span data-contrast=\"auto\">Renforcer la capacit\u00e9 de lev\u00e9e de fonds via une strat\u00e9gie structur\u00e9e de r\u00e9ponses aux appels d\u2019offres et de partenariats publics et priv\u00e9s.<\/span><span data-ccp-props=\"{&quot;134233117&quot;:true,&quot;134233118&quot;:true,&quot;201341983&quot;:0,&quot;335551550&quot;:6,&quot;335551620&quot;:6,&quot;335559740&quot;:240}\">&nbsp;<\/span><\/li>\n<\/ul>\n\n\n\n<p><b><span data-contrast=\"auto\">Objectifs associ\u00e9s<\/span><\/b><span data-ccp-props=\"{&quot;134233117&quot;:true,&quot;134233118&quot;:true,&quot;201341983&quot;:0,&quot;335551550&quot;:6,&quot;335551620&quot;:6,&quot;335559740&quot;:240}\">&nbsp;<\/span><\/p>\n\n\n\n<ul>\n<li><span data-contrast=\"auto\">D\u00e9ployer une politique scientifique coh\u00e9rente \u00e0 CY Tech autour des th\u00e9matiques de la mod\u00e9lisation, au service de la formation&nbsp;<\/span><i><span data-contrast=\"auto\">par<\/span><\/i><span data-contrast=\"auto\">&nbsp;et&nbsp;<\/span><i><span data-contrast=\"auto\">\u00e0<\/span><\/i><span data-contrast=\"auto\">&nbsp;la recherche.<\/span><span data-ccp-props=\"{&quot;134233117&quot;:true,&quot;134233118&quot;:true,&quot;201341983&quot;:0,&quot;335551550&quot;:6,&quot;335551620&quot;:6,&quot;335559740&quot;:240}\">&nbsp;<\/span><\/li>\n\n\n\n<li><span data-contrast=\"auto\">Animer et renforcer la collaboration scientifique entre CY Tech et ESSEC Business&nbsp;School.<\/span><span data-ccp-props=\"{&quot;134233117&quot;:true,&quot;134233118&quot;:true,&quot;201341983&quot;:0,&quot;335551550&quot;:6,&quot;335551620&quot;:6,&quot;335559740&quot;:240}\">&nbsp;<\/span><\/li>\n<\/ul>\n\n\n\n<p>Sa gouvernance est actuellement assur\u00e9e par deux comit\u00e9s. &nbsp;Le <strong>comit\u00e9&nbsp;ex\u00e9cutif<\/strong>&nbsp;est en charge de la conduite g\u00e9n\u00e9rale du projet, de la programmation budg\u00e9taire, de d\u00e9cisions attributive et de la mise en place de la gouvernance d\u00e9finitive du projet. &nbsp;Le&nbsp;<strong>comit\u00e9 scientifique<\/strong>&nbsp;est en charge de l\u2019animation scientifique et de l&rsquo;\u00e9valuation des propositions soumises.<\/p>\n\n\n\n<p>La&nbsp;<strong>composition des comit\u00e9s<\/strong>&nbsp;est la suivante :<\/p>\n\n\n\n<p><em>Comit\u00e9 ex\u00e9cutif<\/em><\/p>\n\n\n\n<ul>\n<li>R\u00e9gis Renault, responsable scientifique de la FSM<\/li>\n\n\n\n<li>Charles&nbsp;Collot&nbsp;(AGM &#8211;&nbsp;CY&nbsp;Cergy&nbsp;Paris&nbsp;Universit\u00e9)&nbsp;<\/li>\n\n\n\n<li>Antoine Billot (LEMMA &#8211; Universit\u00e9 Paris&nbsp;Panth\u00e9on&nbsp;Assas)&nbsp;<\/li>\n\n\n\n<li>Patricia&nbsp;Charlety&nbsp;(CERESSEC &#8211; ESSEC)&nbsp;<\/li>\n\n\n\n<li>Wei-Min Wang&nbsp;(AGM &#8211; CY Cergy Paris Universit\u00e9)&nbsp;<\/li>\n\n\n\n<li>Olivier&nbsp;Donni&nbsp;(THEMA &#8211; CY Cergy Paris Universit\u00e9)&nbsp;<\/li>\n\n\n\n<li>Vassilis&nbsp;Christophides&nbsp;(ETIS&nbsp;\u2013&nbsp;CY Cergy Paris Universit\u00e9)&nbsp;<\/li>\n\n\n\n<li>Thepthida&nbsp;Sopraseuth&nbsp;(THEMA &#8211; CY Cergy Paris Universit\u00e9)&nbsp;<\/li>\n\n\n\n<li>Alexandre&nbsp;Matzkin&nbsp;(LPTM&nbsp;\u2013&nbsp;CY Cergy Paris Universit\u00e9)&nbsp;<\/li>\n\n\n\n<li>C\u00e9cile Hardouin-Ceccantini&nbsp;(Modal\u2019X&nbsp;&#8211; Universit\u00e9 Paris&nbsp;Ouest&nbsp;Nanterre)&nbsp;<\/li>\n\n\n\n<li>Alessandro&nbsp;Torcini&nbsp;(LPTM &#8211; CY Cergy Paris Universit\u00e9&nbsp;La D\u00e9fense)&nbsp;<\/li>\n\n\n\n<li>Mathias&nbsp;Quoy&nbsp;(ETIS&nbsp;\u2013&nbsp;CY Cergy Paris Universit\u00e9)&nbsp;<\/li>\n\n\n\n<li>Giordano&nbsp;Mion&nbsp;(CERESSEC \u2013 CY Cergy Paris Universit\u00e9)&nbsp;&nbsp;<\/li>\n\n\n\n<li>Florence Ag\u00e9&nbsp; (CY Fondation)<\/li>\n<\/ul>\n\n\n\n<p><em>Comit\u00e9 Scientifique<\/em><\/p>\n\n\n\n<ul>\n<li>R\u00e9gis Renault, responsable scientifique de la FSM<\/li>\n\n\n\n<li>Giordano&nbsp;Mion&nbsp;(CERESSEC &#8211; ESSEC)&nbsp;<\/li>\n\n\n\n<li>Patricia&nbsp;Charlety&nbsp;(CERESSEC &#8211; ESSEC)&nbsp;<\/li>\n\n\n\n<li>Mathias&nbsp;Quoy&nbsp;(ETIS&nbsp;\u2013&nbsp;CY Cergy Paris Universit\u00e9)&nbsp;<\/li>\n\n\n\n<li>Thierry Dumont (ModalX&nbsp;\u2013 Universit\u00e9 de Nanterre Paris-Ouest)&nbsp;<\/li>\n\n\n\n<li>Jacopo De&nbsp;Nardis&nbsp;(LPTEM \u2013 CY Cergy Paris Universit\u00e9)&nbsp;<\/li>\n\n\n\n<li>Guillaume Chapelle (THEMA&nbsp;\u2013 CY Cergy&nbsp;Paris Universit\u00e9)&nbsp;<\/li>\n\n\n\n<li>Pauline&nbsp;Morault&nbsp;(THEMA &#8211; CY Cergy Paris Universit\u00e9)&nbsp;<\/li>\n\n\n\n<li>Louis Garrigue (AGM \u2013 CY Cergy Paris Universit\u00e9)&nbsp;<\/li>\n\n\n\n<li>Christina&nbsp;Pawlowitsch&nbsp;(LEMMA &#8211;&nbsp;Universit\u00e9&nbsp;Paris 2)&nbsp;<\/li>\n\n\n\n<li>Dimitrios&nbsp;Kotsinos&nbsp;(ETIS&nbsp;&#8211; CY Cergy Paris Universit\u00e9)&nbsp;<\/li>\n\n\n\n<li>Alessandro&nbsp;Torcini&nbsp;(LPTM &#8211; CY Cergy Paris Universit\u00e9)&nbsp;<\/li>\n\n\n\n<li>Eliot&nbsp;Pacherie&nbsp;(AGM &#8211; CY Cergy Paris Universit\u00e9)<\/li>\n\n\n\n<li>Ren\u00e9\u00a0Aid (Membre\u00a0externe)<\/li>\n<\/ul>\n\n\n\n<p>","protected":false},"excerpt":{"rendered":"<p>Mod\u00e9liser pour \u00e9clairer la d\u00e9cision dans un monde complexe et incertain.\u00a0 Plac\u00e9e sous l\u2019\u00e9gide de&nbsp;CY Fondation, la&nbsp;Fondation des sciences de la mod\u00e9lisation (FSM)&nbsp;f\u00e9d\u00e8re des chercheurs de renomm\u00e9e internationale autour de la conception et de l\u2019usage de mod\u00e8les pour comprendre les grands enjeux contemporains : lib\u00e9ralisation des \u00e9changes, crises financi\u00e8res (subprimes, dettes souveraines), transformations num\u00e9riques, accumulation [&hellip;]<\/p>\n","protected":false},"author":1,"featured_media":0,"parent":0,"menu_order":5,"comment_status":"closed","ping_status":"closed","template":"","meta":{"_genesis_hide_title":false,"_genesis_hide_breadcrumbs":false,"_genesis_hide_singular_image":false,"_genesis_hide_footer_widgets":false,"_genesis_custom_body_class":"","_genesis_custom_post_class":"","_genesis_layout":"","footnotes":""},"_links":{"self":[{"href":"https:\/\/labex-mme-dii.u-cergy.fr\/index.php?rest_route=\/wp\/v2\/pages\/234"}],"collection":[{"href":"https:\/\/labex-mme-dii.u-cergy.fr\/index.php?rest_route=\/wp\/v2\/pages"}],"about":[{"href":"https:\/\/labex-mme-dii.u-cergy.fr\/index.php?rest_route=\/wp\/v2\/types\/page"}],"author":[{"embeddable":true,"href":"https:\/\/labex-mme-dii.u-cergy.fr\/index.php?rest_route=\/wp\/v2\/users\/1"}],"replies":[{"embeddable":true,"href":"https:\/\/labex-mme-dii.u-cergy.fr\/index.php?rest_route=%2Fwp%2Fv2%2Fcomments&post=234"}],"version-history":[{"count":81,"href":"https:\/\/labex-mme-dii.u-cergy.fr\/index.php?rest_route=\/wp\/v2\/pages\/234\/revisions"}],"predecessor-version":[{"id":2664,"href":"https:\/\/labex-mme-dii.u-cergy.fr\/index.php?rest_route=\/wp\/v2\/pages\/234\/revisions\/2664"}],"wp:attachment":[{"href":"https:\/\/labex-mme-dii.u-cergy.fr\/index.php?rest_route=%2Fwp%2Fv2%2Fmedia&parent=234"}],"curies":[{"name":"wp","href":"https:\/\/api.w.org\/{rel}","templated":true}]}}